{"version":"1.0","provider_name":"\u00c9chographie Canada","provider_url":"https:\/\/sonographycanada.ca\/fr","author_name":"Kevin Andrews","author_url":"https:\/\/sonographycanada.ca\/fr\/author\/admin","title":"Comit\u00e9 de la pratique professionnelle - \u00c9chographie Canada","type":"rich","width":600,"height":338,"html":"<blockquote class=\"wp-embedded-content\" data-secret=\"9f3K2kXjfl\"><a href=\"https:\/\/sonographycanada.ca\/fr\/adhesion\/comites\/comite-pratique-professionnelle\">Comit\u00e9 de la pratique professionnelle<\/a><\/blockquote><iframe sandbox=\"allow-scripts\" security=\"restricted\" src=\"https:\/\/sonographycanada.ca\/fr\/adhesion\/comites\/comite-pratique-professionnelle\/embed#?secret=9f3K2kXjfl\" width=\"600\" height=\"338\" title=\"&#8220;Comit\u00e9 de la pratique professionnelle&#8221; &#8212; \u00c9chographie Canada\" data-secret=\"9f3K2kXjfl\" frameborder=\"0\" marginwidth=\"0\" marginheight=\"0\" scrolling=\"no\" class=\"wp-embedded-content\"><\/iframe><script type=\"text\/javascript\">\n\/* <![CDATA[ *\/\n\/*! This file is auto-generated *\/\n!function(d,l){\"use strict\";l.querySelector&&d.addEventListener&&\"undefined\"!=typeof URL&&(d.wp=d.wp||{},d.wp.receiveEmbedMessage||(d.wp.receiveEmbedMessage=function(e){var t=e.data;if((t||t.secret||t.message||t.value)&&!\/[^a-zA-Z0-9]\/.test(t.secret)){for(var s,r,n,a=l.querySelectorAll('iframe[data-secret=\"'+t.secret+'\"]'),o=l.querySelectorAll('blockquote[data-secret=\"'+t.secret+'\"]'),c=new RegExp(\"^https?:$\",\"i\"),i=0;i<o.length;i++)o[i].style.display=\"none\";for(i=0;i<a.length;i++)s=a[i],e.source===s.contentWindow&&(s.removeAttribute(\"style\"),\"height\"===t.message?(1e3<(r=parseInt(t.value,10))?r=1e3:~~r<200&&(r=200),s.height=r):\"link\"===t.message&&(r=new URL(s.getAttribute(\"src\")),n=new URL(t.value),c.test(n.protocol))&&n.host===r.host&&l.activeElement===s&&(d.top.location.href=t.value))}},d.addEventListener(\"message\",d.wp.receiveEmbedMessage,!1),l.addEventListener(\"DOMContentLoaded\",function(){for(var e,t,s=l.querySelectorAll(\"iframe.wp-embedded-content\"),r=0;r<s.length;r++)(t=(e=s[r]).getAttribute(\"data-secret\"))||(t=Math.random().toString(36).substring(2,12),e.src+=\"#?secret=\"+t,e.setAttribute(\"data-secret\",t)),e.contentWindow.postMessage({message:\"ready\",secret:t},\"*\")},!1)))}(window,document);\n\/* ]]> *\/\n<\/script>\n","description":"Le Comit\u00e9 de pratique professionnelle a pour mandat de r\u00e9viser, de mettre \u00e0 jour et de publier l&#8217;ensemble des lignes directrices li\u00e9es \u00e0 la pratique professionnelle et des \u00e9nonc\u00e9s de politique, de m\u00eame que de r\u00e9pondre aux questions des membres et des intervenants au sujet de ces documents. Il est \u00e9galement charg\u00e9 de surveiller et [&hellip;]"}