{"id":155766,"date":"2022-09-09T10:54:33","date_gmt":"2022-09-09T10:54:33","guid":{"rendered":"https:\/\/sonographycanada.ca\/?post_type=event&#038;p=155766"},"modified":"2022-09-09T11:14:00","modified_gmt":"2022-09-09T11:14:00","slug":"sonography-week-2022","status":"publish","type":"event","link":"https:\/\/sonographycanada.ca\/fr\/event\/sonography-week-2022","title":{"rendered":"Semaine de l&#8217;\u00e9chographie 2022"},"content":{"rendered":"","protected":false},"author":1307,"featured_media":155763,"template":"","class_list":["post-155766","event","type-event","status-publish","has-post-thumbnail","hentry"],"acf":[],"yoast_head":"<!-- This site is optimized with the Yoast SEO plugin v23.5 - https:\/\/yoast.com\/wordpress\/plugins\/seo\/ -->\n<title>Semaine de l&#039;\u00e9chographie 2022 - \u00c9chographie Canada<\/title>\n<meta name=\"description\" content=\"C&#039;est le moment de c\u00e9l\u00e9brer les \u00e9chographistes et la profession qui capte les images ultrasonores qui aident \u00e0 diagnostiquer les maladies et blessures, surveiller la sant\u00e9, et guider les traitements m\u00e9dicaux.\" \/>\n<meta name=\"robots\" content=\"index, follow, max-snippet:-1, max-image-preview:large, max-video-preview:-1\" \/>\n<link rel=\"canonical\" href=\"https:\/\/sonographycanada.ca\/fr\/event\/sonography-week-2022\" \/>\n<meta property=\"og:locale\" content=\"fr_FR\" \/>\n<meta property=\"og:type\" content=\"article\" \/>\n<meta property=\"og:title\" content=\"Semaine de l&#039;\u00e9chographie 2022 - \u00c9chographie Canada\" \/>\n<meta property=\"og:description\" content=\"C&#039;est le moment de c\u00e9l\u00e9brer les \u00e9chographistes et la profession qui capte les images ultrasonores qui aident \u00e0 diagnostiquer les maladies et blessures, surveiller la sant\u00e9, et guider les traitements m\u00e9dicaux.\" \/>\n<meta property=\"og:url\" content=\"https:\/\/sonographycanada.ca\/fr\/event\/sonography-week-2022\" \/>\n<meta property=\"og:site_name\" content=\"\u00c9chographie Canada\" \/>\n<meta property=\"article:modified_time\" content=\"2022-09-09T11:14:00+00:00\" \/>\n<meta property=\"og:image\" content=\"https:\/\/sonographycanada.ca\/app\/uploads\/2022\/09\/Semaine-de-l\u00e9chographie-2022.jpg\" \/>\n\t<meta property=\"og:image:width\" content=\"1217\" \/>\n\t<meta property=\"og:image:height\" content=\"405\" \/>\n\t<meta property=\"og:image:type\" content=\"image\/jpeg\" \/>\n<meta name=\"twitter:card\" content=\"summary_large_image\" \/>\n<script type=\"application\/ld+json\" class=\"yoast-schema-graph\">{\"@context\":\"https:\/\/schema.org\",\"@graph\":[{\"@type\":\"WebPage\",\"@id\":\"https:\/\/sonographycanada.ca\/fr\/event\/sonography-week-2022\",\"url\":\"https:\/\/sonographycanada.ca\/fr\/event\/sonography-week-2022\",\"name\":\"Semaine de l'\u00e9chographie 2022 - \u00c9chographie Canada\",\"isPartOf\":{\"@id\":\"https:\/\/sonographycanada.ca\/#website\"},\"primaryImageOfPage\":{\"@id\":\"https:\/\/sonographycanada.ca\/fr\/event\/sonography-week-2022#primaryimage\"},\"image\":{\"@id\":\"https:\/\/sonographycanada.ca\/fr\/event\/sonography-week-2022#primaryimage\"},\"thumbnailUrl\":\"https:\/\/sonographycanada.ca\/app\/uploads\/2022\/09\/Semaine-de-l\u00e9chographie-2022.jpg\",\"datePublished\":\"2022-09-09T10:54:33+00:00\",\"dateModified\":\"2022-09-09T11:14:00+00:00\",\"description\":\"C'est le moment de c\u00e9l\u00e9brer les \u00e9chographistes et la profession qui capte les images ultrasonores qui aident \u00e0 diagnostiquer les maladies et blessures, surveiller la sant\u00e9, et guider les traitements m\u00e9dicaux.\",\"breadcrumb\":{\"@id\":\"https:\/\/sonographycanada.ca\/fr\/event\/sonography-week-2022#breadcrumb\"},\"inLanguage\":\"fr-FR\",\"potentialAction\":[{\"@type\":\"ReadAction\",\"target\":[\"https:\/\/sonographycanada.ca\/fr\/event\/sonography-week-2022\"]}]},{\"@type\":\"ImageObject\",\"inLanguage\":\"fr-FR\",\"@id\":\"https:\/\/sonographycanada.ca\/fr\/event\/sonography-week-2022#primaryimage\",\"url\":\"https:\/\/sonographycanada.ca\/app\/uploads\/2022\/09\/Semaine-de-l\u00e9chographie-2022.jpg\",\"contentUrl\":\"https:\/\/sonographycanada.ca\/app\/uploads\/2022\/09\/Semaine-de-l\u00e9chographie-2022.jpg\",\"width\":1217,\"height\":405},{\"@type\":\"BreadcrumbList\",\"@id\":\"https:\/\/sonographycanada.ca\/fr\/event\/sonography-week-2022#breadcrumb\",\"itemListElement\":[{\"@type\":\"ListItem\",\"position\":1,\"name\":\"Accueil\",\"item\":\"https:\/\/sonographycanada.ca\/fr\"},{\"@type\":\"ListItem\",\"position\":2,\"name\":\"\u00c0 propos\",\"item\":\"https:\/\/sonographycanada.ca\/fr\/a-propos\"},{\"@type\":\"ListItem\",\"position\":3,\"name\":\"\u00c9v\u00e9nements \u00e0 venir\",\"item\":\"https:\/\/sonographycanada.ca\/fr\/a-propos\/evenements\"},{\"@type\":\"ListItem\",\"position\":4,\"name\":\"Semaine de l&#8217;\u00e9chographie 2022\"}]},{\"@type\":\"WebSite\",\"@id\":\"https:\/\/sonographycanada.ca\/#website\",\"url\":\"https:\/\/sonographycanada.ca\/\",\"name\":\"\u00c9chographie Canada\",\"description\":\"La voix des \u00e9chographistes m\u00e9dicaux diagnostiques au Canada\",\"potentialAction\":[{\"@type\":\"SearchAction\",\"target\":{\"@type\":\"EntryPoint\",\"urlTemplate\":\"https:\/\/sonographycanada.ca\/?s={search_term_string}\"},\"query-input\":{\"@type\":\"PropertyValueSpecification\",\"valueRequired\":true,\"valueName\":\"search_term_string\"}}],\"inLanguage\":\"fr-FR\"}]}<\/script>\n<!-- \/ Yoast SEO plugin. -->","yoast_head_json":{"title":"Semaine de l'\u00e9chographie 2022 - \u00c9chographie Canada","description":"C'est le moment de c\u00e9l\u00e9brer les \u00e9chographistes et la profession qui capte les images ultrasonores qui aident \u00e0 diagnostiquer les maladies et blessures, surveiller la sant\u00e9, et guider les traitements m\u00e9dicaux.","robots":{"index":"index","follow":"follow","max-snippet":"max-snippet:-1","max-image-preview":"max-image-preview:large","max-video-preview":"max-video-preview:-1"},"canonical":"https:\/\/sonographycanada.ca\/fr\/event\/sonography-week-2022","og_locale":"fr_FR","og_type":"article","og_title":"Semaine de l'\u00e9chographie 2022 - \u00c9chographie Canada","og_description":"C'est le moment de c\u00e9l\u00e9brer les \u00e9chographistes et la profession qui capte les images ultrasonores qui aident \u00e0 diagnostiquer les maladies et blessures, surveiller la sant\u00e9, et guider les traitements m\u00e9dicaux.","og_url":"https:\/\/sonographycanada.ca\/fr\/event\/sonography-week-2022","og_site_name":"\u00c9chographie Canada","article_modified_time":"2022-09-09T11:14:00+00:00","og_image":[{"width":1217,"height":405,"url":"https:\/\/sonographycanada.ca\/app\/uploads\/2022\/09\/Semaine-de-l\u00e9chographie-2022.jpg","type":"image\/jpeg"}],"twitter_card":"summary_large_image","schema":{"@context":"https:\/\/schema.org","@graph":[{"@type":"WebPage","@id":"https:\/\/sonographycanada.ca\/fr\/event\/sonography-week-2022","url":"https:\/\/sonographycanada.ca\/fr\/event\/sonography-week-2022","name":"Semaine de l'\u00e9chographie 2022 - \u00c9chographie Canada","isPartOf":{"@id":"https:\/\/sonographycanada.ca\/#website"},"primaryImageOfPage":{"@id":"https:\/\/sonographycanada.ca\/fr\/event\/sonography-week-2022#primaryimage"},"image":{"@id":"https:\/\/sonographycanada.ca\/fr\/event\/sonography-week-2022#primaryimage"},"thumbnailUrl":"https:\/\/sonographycanada.ca\/app\/uploads\/2022\/09\/Semaine-de-l\u00e9chographie-2022.jpg","datePublished":"2022-09-09T10:54:33+00:00","dateModified":"2022-09-09T11:14:00+00:00","description":"C'est le moment de c\u00e9l\u00e9brer les \u00e9chographistes et la profession qui capte les images ultrasonores qui aident \u00e0 diagnostiquer les maladies et blessures, surveiller la sant\u00e9, et guider les traitements m\u00e9dicaux.","breadcrumb":{"@id":"https:\/\/sonographycanada.ca\/fr\/event\/sonography-week-2022#breadcrumb"},"inLanguage":"fr-FR","potentialAction":[{"@type":"ReadAction","target":["https:\/\/sonographycanada.ca\/fr\/event\/sonography-week-2022"]}]},{"@type":"ImageObject","inLanguage":"fr-FR","@id":"https:\/\/sonographycanada.ca\/fr\/event\/sonography-week-2022#primaryimage","url":"https:\/\/sonographycanada.ca\/app\/uploads\/2022\/09\/Semaine-de-l\u00e9chographie-2022.jpg","contentUrl":"https:\/\/sonographycanada.ca\/app\/uploads\/2022\/09\/Semaine-de-l\u00e9chographie-2022.jpg","width":1217,"height":405},{"@type":"BreadcrumbList","@id":"https:\/\/sonographycanada.ca\/fr\/event\/sonography-week-2022#breadcrumb","itemListElement":[{"@type":"ListItem","position":1,"name":"Accueil","item":"https:\/\/sonographycanada.ca\/fr"},{"@type":"ListItem","position":2,"name":"\u00c0 propos","item":"https:\/\/sonographycanada.ca\/fr\/a-propos"},{"@type":"ListItem","position":3,"name":"\u00c9v\u00e9nements \u00e0 venir","item":"https:\/\/sonographycanada.ca\/fr\/a-propos\/evenements"},{"@type":"ListItem","position":4,"name":"Semaine de l&#8217;\u00e9chographie 2022"}]},{"@type":"WebSite","@id":"https:\/\/sonographycanada.ca\/#website","url":"https:\/\/sonographycanada.ca\/","name":"\u00c9chographie Canada","description":"La voix des \u00e9chographistes m\u00e9dicaux diagnostiques au Canada","potentialAction":[{"@type":"SearchAction","target":{"@type":"EntryPoint","urlTemplate":"https:\/\/sonographycanada.ca\/?s={search_term_string}"},"query-input":{"@type":"PropertyValueSpecification","valueRequired":true,"valueName":"search_term_string"}}],"inLanguage":"fr-FR"}]}},"featured_img":"https:\/\/sonographycanada.ca\/app\/uploads\/2022\/09\/Semaine-de-l\u00e9chographie-2022-390x130.jpg","coauthors":[],"author_meta":{"author_link":"https:\/\/sonographycanada.ca\/fr\/author\/d3ec179a-ede2-4f9f-a4d2-8551ac33d43f","display_name":"Natalie Wright"},"relative_dates":{"created":"Publi\u00e9 4 years il y a","modified":"Mis \u00e0 jour 4 years il y a"},"absolute_dates":{"created":"Publi\u00e9 le septembre 9, 2022","modified":"Mise \u00e0 jour le septembre 9, 2022"},"absolute_dates_time":{"created":"Publi\u00e9 le septembre 9, 2022 10:54 am","modified":"Mise \u00e0 jour le septembre 9, 2022 11:14 am"},"featured_img_caption":"","tax_additional":[],"series_order":"","_links":{"self":[{"href":"https:\/\/sonographycanada.ca\/fr\/wp-json\/wp\/v2\/event\/155766"}],"collection":[{"href":"https:\/\/sonographycanada.ca\/fr\/wp-json\/wp\/v2\/event"}],"about":[{"href":"https:\/\/sonographycanada.ca\/fr\/wp-json\/wp\/v2\/types\/event"}],"wp:featuredmedia":[{"embeddable":true,"href":"https:\/\/sonographycanada.ca\/fr\/wp-json\/wp\/v2\/media\/155763"}],"wp:attachment":[{"href":"https:\/\/sonographycanada.ca\/fr\/wp-json\/wp\/v2\/media?parent=155766"}],"curies":[{"name":"wp","href":"https:\/\/api.w.org\/{rel}","templated":true}]}}