{"id":147502,"date":"2022-02-17T10:50:16","date_gmt":"2022-02-17T10:50:16","guid":{"rendered":"https:\/\/sonographycanada.ca\/?page_id=147502"},"modified":"2024-12-06T12:32:33","modified_gmt":"2024-12-06T17:32:33","slug":"appels-aux-propositions-proposez-des-activites-de-dpc-tout-au-long-de-lannee","status":"publish","type":"page","link":"https:\/\/sonographycanada.ca\/fr\/appels-aux-propositions-proposez-des-activites-de-dpc-tout-au-long-de-lannee","title":{"rendered":"Appels aux propositions : Proposez des activit\u00e9s de DPC tout au long de l&#8217;ann\u00e9e"},"content":{"rendered":"<p>N<strong>ous voulons entendre l&#8217;opinion des experts &#8212; c&#8217;est-\u00e0-dire vous!<\/strong> \u00c9chographie Canada accepte les propositions de sessions de formation de la part des \u00e9chographistes, m\u00e9decins, chercheurs et autres experts de la profession. Nous sommes \u00e0 la recherche de conseils, de pratiques exemplaires, de recherches et de perspectives sur le r\u00f4le essentiel que vous jouez dans le domaine de l&#8217;\u00e9chographie. Utilisez les onglets ci-dessous pour en apprendre davantage sur les \u00e9v\u00e9nements annuels de DPC d&#8217;\u00c9chographie Canada. <\/p><p><strong>Soumettez votre\/vos proposition(s) pour les sujets et domaines suivants :<\/strong><\/p><table class=\"wp-block-advgb-table advgb-table-frontend is-style-stripes\" style=\"table-layout:fixed\"><tbody><tr><td><strong>Sp\u00e9cialit\u00e9s :<\/strong><\/td><td><strong>Innovation dans la pratique<\/strong> :<\/td><\/tr><tr><td> \u00b7&nbsp;&nbsp;\u00c9chocardiographie<br> \u00b7&nbsp;&nbsp;\u00c9chographies abdominales<br> \u00b7&nbsp;&nbsp;\u00c9chographies cardiaques <br> \u00b7&nbsp;&nbsp;\u00c9chographies du foetus<br> \u00b7&nbsp;&nbsp;\u00c9chographies du sein<br> \u00b7&nbsp;&nbsp;\u00c9chographies musculosquelettiques<br> \u00b7&nbsp;&nbsp;\u00c9chographies obst\u00e9triques-gyn\u00e9cologiques<br> \u00b7&nbsp;&nbsp;\u00c9chographies p\u00e9diatriques<br> \u00b7&nbsp;&nbsp;\u00c9chographies vasculaires<br> \u00b7&nbsp;&nbsp;\u00c9ducation<br> \u00b7&nbsp;&nbsp;Enjeux des \u00e9tudiants<br> \u00b7&nbsp;&nbsp;Ergonomie<br> \u00b7&nbsp;&nbsp;Pr\u00e9ceptorat<br> \u00b7&nbsp;&nbsp;Recherche<br> \u00b7&nbsp;&nbsp;Troubles musculosquelettiques li\u00e9s au travail <\/td><td style=\"vertical-align:top\"> \u00b7&nbsp;&nbsp;Comp\u00e9tences en communication <br> \u00b7&nbsp;&nbsp;D\u00e9veloppements technologiques <br> \u00b7&nbsp;&nbsp;Diversit\u00e9 culturelle <br> \u00b7&nbsp;&nbsp;\u00c9tudes de cas <br> \u00b7&nbsp;&nbsp;Gestion du changement et strat\u00e9gies<br>    d&#8217;efficacit\u00e9 <br> \u00b7&nbsp;&nbsp;Mises \u00e0 jour des techniques et des <br>    protocoles<br> \u00b7&nbsp;&nbsp;Nouvelles applications<br> \u00b7&nbsp;&nbsp;Pratique de l&#8217;\u00e9chographie dans un<br>    environnement des soins de la sant\u00e9<br>    post-pand\u00e9mique<br> \u00b7&nbsp;&nbsp;R\u00e9solution de conflits<br> \u00b7&nbsp;&nbsp;Responsabilit\u00e9 civile et probl\u00e8mes<br>    juridiques<br> \u00b7&nbsp;&nbsp;Sant\u00e9 physique et mentale <\/td><\/tr><\/tbody><\/table><div class=\"wp-block-button aligncenter\"><a target=\"_blank\" class=\"button button--tertiary text--centered\" href=\"https:\/\/sonographycanada.ca\/call-for-proposals-submission-form\" rel=\"noopener noreferrer\" style=\"text-align:center;\">Soumettre une proposition<\/a><\/div><p><!--StartFragment--><\/p><p><\/p><p><strong>Renseignez-vous sur les \u00e9v\u00e9nements sp\u00e9cifiques de DPC et la date limite d&#8217;examen des soumissions.<\/strong><\/p><p><!--EndFragment--><\/p><div class=\"wp-block-advgb-adv-tabs advgb-tabs-wrapper advgb-tab-horz-desktop advgb-tab-vert-tablet advgb-tab-stack-mobile advgb-tabs-0f05c295-e573-450d-a4b7-e58919d87b60\" data-tab-active=\"0\"><ul class=\"advgb-tabs-panel\"><li class=\"advgb-tab\" style=\"background-color:#0c355f;border-style:solid;border-width:1px;border-radius:10px\"><a href=\"#advgb-tabs-tab0\" style=\"color:#fff\"><span>Conf\u00e9rence annuelle<\/span><\/a><\/li><li class=\"advgb-tab\" style=\"background-color:#0c355f;border-style:solid;border-width:1px;border-radius:10px\"><a href=\"#advgb-tabs-tab1\" style=\"color:#fff\"><span>AGA et Journ\u00e9e p\u00e9dagogique<\/span><\/a><\/li><li class=\"advgb-tab\" style=\"background-color:#0c355f;border-style:solid;border-width:1px;border-radius:10px\"><a href=\"#advgb-tabs-tab2\" style=\"color:#fff\"><span>Webinaires mensuels<\/span><\/a><\/li><\/ul><div class=\"advgb-tab-body-wrapper\" style=\"border-style:solid;border-width:1px;border-radius:10px\"><div class=\"wp-block-advgb-tab advgb-tab-body-container\"><div class=\"advgb-tab-body-header\">Conf\u00e9rence annuelle<\/div><div class=\"advgb-tab-_05c295-e5 advgb-tab-body\" aria-labelledby=\"advgb-tabs-tab0\"><p class=\"has-text-align-center has-medium-font-size\"><strong>Du 15 au 17 septembre 2022 <\/strong>\u2502  <strong>Ottawa\/Gatineau<\/strong><\/p>\n\n<p><strong><em>SonoCon 2022<\/em><\/strong> est l&#8217;\u00e9v\u00e9nement annuel d&#8217;\u00c9chographie Canada con\u00e7u pour les \u00e9chographistes, les \u00e9tudiants en \u00e9chographie, les m\u00e9decins et les autres professionnels de la sant\u00e9 qui ont recours \u00e0 l&#8217;\u00e9chographie dans leur pratique. La conf\u00e9rence offre un apprentissage, des ateliers pratiques et des connexions, y compris des possibilit\u00e9s de r\u00e9seautage et une foire commerciale. Les participants obtiendront des cr\u00e9dits de DPC tout en apprenant de nouvelles techniques \u00e9chographiques et des strat\u00e9gies de gestion de la pratique dans des domaines cibl\u00e9s.<\/p>\n\n<p><strong>Responsabilit\u00e9s des conf\u00e9renciers<\/strong><\/p>\n\n<ul class=\"wp-block-list\"><li>Pr\u00e9parer une pr\u00e9sentation de 45 \u00e0 50 minutes et la soumettre avant l&#8217;\u00e9v\u00e9nement (le planificateur de l&#8217;\u00e9v\u00e9nement fournira les d\u00e9tails).<\/li><li>Livrer la pr\u00e9sentation le jour de la conf\u00e9rence \u00e0 l&#8217;heure pr\u00e9vue.<\/li><li>R\u00e9pondre aux questions des participants \u00e0 la conf\u00e9rence \u00e0 la fin de la pr\u00e9sentation.<\/li><li>Le soutien technique et audiovisuel est assur\u00e9 par l&#8217;\u00e9quipe de la conf\u00e9rence d&#8217;\u00c9chographie Canada et ses fournisseurs.<\/li><li>Des mod\u00e9rateurs seront assign\u00e9s \u00e0 chacune des sessions.<\/li><li>Les avantages du conf\u00e9rencier seront d\u00e9crits en d\u00e9tail dans une entente officielle.<\/li><\/ul>\n\n<p><\/p>\n\n<p class=\"has-text-align-center\"><strong>La date limite d&#8217;examen des soumissions pour la conf\u00e9rence SonoCon 2022 : le 31 mai 2022<\/strong><\/p><\/div><\/div>\n\n<div class=\"wp-block-advgb-tab advgb-tab-body-container\"><div class=\"advgb-tab-body-header\">AGA et Journ\u00e9e p\u00e9dagogique<\/div><div class=\"advgb-tab-_ef4e90-0c advgb-tab-body\" aria-labelledby=\"advgb-tabs-tab1\"><p class=\"has-text-align-center has-medium-font-size\"><strong>Le 4 juin 2022 \u2502 Virtuel<\/strong><\/p>\n\n<p>La journ\u00e9e p\u00e9dagogique virtuelle d&#8217;\u00c9chographie Canada aura lieu imm\u00e9diatement apr\u00e8s l&#8217;assembl\u00e9e g\u00e9n\u00e9rale annuelle, le samedi 4 juin 2022. Elle consistera en une pr\u00e9sentation pl\u00e9ni\u00e8re et de trois ou quatre s\u00e9ances simultan\u00e9es en petits groupes sur des sujets li\u00e9s \u00e0 l&#8217;\u00e9chographie.<\/p>\n\n<p><strong>Responsabilit\u00e9s des conf\u00e9renciers<\/strong> <\/p>\n\n<ul class=\"wp-block-list\"><li>Pr\u00e9parer une pr\u00e9sentation de 45 \u00e0 50 minutes (le planificateur de l&#8217;\u00e9v\u00e9nement fournira des d\u00e9tails additionnels).<\/li><li>Livrer la pr\u00e9sentation le jour de la conf\u00e9rence \u00e0 l&#8217;heure pr\u00e9vue (soit 100 % en personne ou en format pr\u00e9-enregistr\u00e9, suivi d&#8217;une p\u00e9riode de questions en direct).<\/li><li>R\u00e9pondre aux questions des participants \u00e0 la fin de la pr\u00e9sentation.<\/li><li>Le soutien technique et les mod\u00e9rateurs pour chaque session sont assur\u00e9s par l&#8217;\u00e9quipe de la conf\u00e9rence d&#8217;\u00c9chographie Canada et ses fournisseurs.<\/li><li>La session sera enregistr\u00e9e et t\u00e9l\u00e9charg\u00e9e \u00e0 la vid\u00e9oth\u00e8que d&#8217;\u00c9chographie Canada.<\/li><li>Des cr\u00e9dits de DPC additionnels seront accord\u00e9s aux conf\u00e9renciers qui pr\u00e9parent et offrent une pr\u00e9sentation.<\/li><\/ul>\n\n<p class=\"has-text-align-center\"><strong>La date limite d&#8217;examen des soumissions pour l&#8217;AGA et <\/strong><br><strong>la Journ\u00e9e p\u00e9dagogique : le 30 avril 2022<\/strong> <\/p><\/div><\/div>\n\n<div class=\"wp-block-advgb-tab advgb-tab-body-container\"><div class=\"advgb-tab-body-header\">Webinaires mensuels<\/div><div class=\"advgb-tab-_e690eb-7f advgb-tab-body\" aria-labelledby=\"advgb-tabs-tab2\"><p class=\"has-text-align-center has-medium-font-size\"><strong>S\u00e9rie de webinaires mensuels<\/strong><\/p>\n\n<p>Les webinaires mensuels d&#8217;\u00c9chographie Canada offrent aux membres de l&#8217;expertise et des connaissances sur une vari\u00e9t\u00e9 de sujets d&#8217;int\u00e9r\u00eat actuels, pr\u00e9sent\u00e9s par des professionnels de l&#8217;\u00e9chographie et des soins de sant\u00e9.  Les membres obtiennent des cr\u00e9dits de DPC fond\u00e9s sur l&#8217;\u00e9chographie et pertinents pour la pratique.<\/p>\n\n<p><strong>Responsabilit\u00e9s des conf\u00e9renciers<\/strong> <\/p>\n\n<ul class=\"wp-block-list\"><li>Pr\u00e9parer une pr\u00e9sentation de 45 \u00e0 50 minutes.<\/li><li>Livrer la pr\u00e9sentation le jour de la conf\u00e9rence \u00e0 l&#8217;heure pr\u00e9vue par l&#8217;entremise de la plateforme Zoom Webinars.<\/li><li>R\u00e9pondre aux questions des participants du webinaire \u00e0 la fin de la pr\u00e9sentation.<\/li><li>Le soutien technique et les mod\u00e9rateurs sont assur\u00e9s par l&#8217;\u00e9quipe de la conf\u00e9rence d&#8217;\u00c9chographie Canada.<\/li><li>La session sera enregistr\u00e9e et t\u00e9l\u00e9charg\u00e9e \u00e0 la vid\u00e9oth\u00e8que d&#8217;\u00c9chographie Canada.<\/li><li>Des cr\u00e9dits de DPC additionnels seront accord\u00e9s aux conf\u00e9renciers qui pr\u00e9parent et offrent une pr\u00e9sentation.<\/li><\/ul><\/div><\/div><\/div><\/div>\n<p><\/p><div class=\"wp-block-button aligncenter\"><a target=\"_blank\" class=\"button button--tertiary text--centered\" href=\"https:\/\/sonographycanada.ca\/call-for-proposals-submission-form\" rel=\"noopener noreferrer\" style=\"text-align:center;\">Soumettre une proposition<\/a><\/div><p><\/p><p><strong>Renseignements additionnels<\/strong><\/p><ul class=\"wp-block-list\"><li>Les pr\u00e9sentations seront enregistr\u00e9es pendant l&#8217;\u00e9v\u00e9nement ou peuvent \u00eatre pr\u00e9enregistr\u00e9es par le conf\u00e9rencier (si elles sont virtuelles).<\/li><li>Agir comme conf\u00e9rencier lors d&#8217;un \u00e9v\u00e9nement p\u00e9dagogique d&#8217;\u00c9chographie Canada est une activit\u00e9 volontaire. Des cr\u00e9dits de DPC suppl\u00e9mentaires seront accord\u00e9s pour la pr\u00e9paration et la pr\u00e9sentation de votre expos\u00e9. <\/li><li>Certains \u00e9v\u00e9nements d&#8217;\u00c9chographie Canada offrent des incitatifs suppl\u00e9mentaires aux conf\u00e9renciers. <\/li><li>Veuillez consulter la description de l&#8217;\u00e9v\u00e9nement pour obtenir des d\u00e9tails sp\u00e9cifiques sur le format, les dates, les dates limites de soumission et les exigences.<\/li><\/ul><style class=\"advgb-styles-renderer\">.advgb-tabs-0f05c295-e573-450d-a4b7-e58919d87b60 ul.advgb-tabs-panel li.advgb-tab.advgb-tab-active {background-color:#cf2e2e !important;color:#fff !important;}#advgb-tabs-0f05c295-e573-450d-a4b7-e58919d87b60 .advgb-tab-body-header.header-active, .advgb-tabs-0f05c295-e573-450d-a4b7-e58919d87b60 .advgb-tab-body-header.header-active{background-color:#cf2e2e !important;color:#fff !important;}<\/style>","protected":false},"excerpt":{"rendered":"<p>Nous voulons entendre l&#8217;opinion des experts &#8212; c&#8217;est-\u00e0-dire vous! \u00c9chographie Canada accepte les propositions de sessions de formation de la part des \u00e9chographistes, m\u00e9decins, chercheurs et autres experts de la profession. Nous sommes \u00e0 la recherche de conseils, de pratiques exemplaires, de recherches et de perspectives sur le r\u00f4le essentiel que vous jouez dans le [&hellip;]<\/p>\n","protected":false},"author":1307,"featured_media":147499,"parent":0,"menu_order":65,"comment_status":"closed","ping_status":"closed","template":"","meta":{"_acf_changed":false,"advgb_blocks_editor_width":"large","advgb_blocks_columns_visual_guide":"","wicket_organization":"","_seat_count":"","_member_id":[],"_edit_last":"1307","_start_date":"","_end_date":"","footnotes":""},"class_list":["post-147502","page","type-page","status-publish","has-post-thumbnail","hentry"],"acf":[],"yoast_head":"<!-- This site is optimized with the Yoast SEO plugin v23.5 - https:\/\/yoast.com\/wordpress\/plugins\/seo\/ -->\n<title>Appels aux propositions : Proposez des activit\u00e9s de DPC tout au long de l&#039;ann\u00e9e - \u00c9chographie Canada<\/title>\n<meta name=\"robots\" content=\"index, follow, max-snippet:-1, max-image-preview:large, max-video-preview:-1\" \/>\n<link rel=\"canonical\" href=\"https:\/\/sonographycanada.ca\/present-a-topic\/sonography-canada-call-for-proposals-year-round-submissions\" \/>\n<meta property=\"og:locale\" content=\"fr_FR\" \/>\n<meta property=\"og:type\" content=\"article\" \/>\n<meta property=\"og:title\" content=\"Appels aux propositions : Proposez des activit\u00e9s de DPC tout au long de l&#039;ann\u00e9e - \u00c9chographie Canada\" \/>\n<meta property=\"og:description\" content=\"Nous voulons entendre l&#8217;opinion des experts &#8212; c&#8217;est-\u00e0-dire vous! \u00c9chographie Canada accepte les propositions de sessions de formation de la part des \u00e9chographistes, m\u00e9decins, chercheurs et autres experts de la profession. Nous sommes \u00e0 la recherche de conseils, de pratiques exemplaires, de recherches et de perspectives sur le r\u00f4le essentiel que vous jouez dans le [&hellip;]\" \/>\n<meta property=\"og:url\" content=\"https:\/\/sonographycanada.ca\/present-a-topic\/sonography-canada-call-for-proposals-year-round-submissions\" \/>\n<meta property=\"og:site_name\" content=\"\u00c9chographie Canada\" \/>\n<meta property=\"article:modified_time\" content=\"2024-12-06T17:32:33+00:00\" \/>\n<meta property=\"og:image\" content=\"https:\/\/sonographycanada.ca\/app\/uploads\/2022\/02\/Call-for-proposals-FRE.png\" \/>\n\t<meta property=\"og:image:width\" content=\"390\" \/>\n\t<meta property=\"og:image:height\" content=\"172\" \/>\n\t<meta property=\"og:image:type\" content=\"image\/png\" \/>\n<meta name=\"twitter:card\" content=\"summary_large_image\" \/>\n<meta name=\"twitter:label1\" content=\"Est. reading time\" \/>\n\t<meta name=\"twitter:data1\" content=\"5 minutes\" \/>\n<script type=\"application\/ld+json\" class=\"yoast-schema-graph\">{\"@context\":\"https:\/\/schema.org\",\"@graph\":[{\"@type\":\"WebPage\",\"@id\":\"https:\/\/sonographycanada.ca\/present-a-topic\/sonography-canada-call-for-proposals-year-round-submissions\",\"url\":\"https:\/\/sonographycanada.ca\/present-a-topic\/sonography-canada-call-for-proposals-year-round-submissions\",\"name\":\"Appels aux propositions : Proposez des activit\u00e9s de DPC tout au long de l'ann\u00e9e - \u00c9chographie Canada\",\"isPartOf\":{\"@id\":\"https:\/\/sonographycanada.ca\/#website\"},\"primaryImageOfPage\":{\"@id\":\"https:\/\/sonographycanada.ca\/present-a-topic\/sonography-canada-call-for-proposals-year-round-submissions#primaryimage\"},\"image\":{\"@id\":\"https:\/\/sonographycanada.ca\/present-a-topic\/sonography-canada-call-for-proposals-year-round-submissions#primaryimage\"},\"thumbnailUrl\":\"https:\/\/sonographycanada.ca\/app\/uploads\/2022\/02\/Call-for-proposals-FRE.png\",\"datePublished\":\"2022-02-17T10:50:16+00:00\",\"dateModified\":\"2024-12-06T17:32:33+00:00\",\"breadcrumb\":{\"@id\":\"https:\/\/sonographycanada.ca\/present-a-topic\/sonography-canada-call-for-proposals-year-round-submissions#breadcrumb\"},\"inLanguage\":\"fr-FR\",\"potentialAction\":[{\"@type\":\"ReadAction\",\"target\":[\"https:\/\/sonographycanada.ca\/present-a-topic\/sonography-canada-call-for-proposals-year-round-submissions\"]}]},{\"@type\":\"ImageObject\",\"inLanguage\":\"fr-FR\",\"@id\":\"https:\/\/sonographycanada.ca\/present-a-topic\/sonography-canada-call-for-proposals-year-round-submissions#primaryimage\",\"url\":\"https:\/\/sonographycanada.ca\/app\/uploads\/2022\/02\/Call-for-proposals-FRE.png\",\"contentUrl\":\"https:\/\/sonographycanada.ca\/app\/uploads\/2022\/02\/Call-for-proposals-FRE.png\",\"width\":390,\"height\":172},{\"@type\":\"BreadcrumbList\",\"@id\":\"https:\/\/sonographycanada.ca\/present-a-topic\/sonography-canada-call-for-proposals-year-round-submissions#breadcrumb\",\"itemListElement\":[{\"@type\":\"ListItem\",\"position\":1,\"name\":\"Accueil\",\"item\":\"https:\/\/sonographycanada.ca\/fr\"},{\"@type\":\"ListItem\",\"position\":2,\"name\":\"Appels aux propositions : Proposez des activit\u00e9s de DPC tout au long de l&#8217;ann\u00e9e\"}]},{\"@type\":\"WebSite\",\"@id\":\"https:\/\/sonographycanada.ca\/#website\",\"url\":\"https:\/\/sonographycanada.ca\/\",\"name\":\"\u00c9chographie Canada\",\"description\":\"La voix des \u00e9chographistes m\u00e9dicaux diagnostiques au Canada\",\"potentialAction\":[{\"@type\":\"SearchAction\",\"target\":{\"@type\":\"EntryPoint\",\"urlTemplate\":\"https:\/\/sonographycanada.ca\/?s={search_term_string}\"},\"query-input\":{\"@type\":\"PropertyValueSpecification\",\"valueRequired\":true,\"valueName\":\"search_term_string\"}}],\"inLanguage\":\"fr-FR\"}]}<\/script>\n<!-- \/ Yoast SEO plugin. -->","yoast_head_json":{"title":"Appels aux propositions : Proposez des activit\u00e9s de DPC tout au long de l'ann\u00e9e - \u00c9chographie Canada","robots":{"index":"index","follow":"follow","max-snippet":"max-snippet:-1","max-image-preview":"max-image-preview:large","max-video-preview":"max-video-preview:-1"},"canonical":"https:\/\/sonographycanada.ca\/present-a-topic\/sonography-canada-call-for-proposals-year-round-submissions","og_locale":"fr_FR","og_type":"article","og_title":"Appels aux propositions : Proposez des activit\u00e9s de DPC tout au long de l'ann\u00e9e - \u00c9chographie Canada","og_description":"Nous voulons entendre l&#8217;opinion des experts &#8212; c&#8217;est-\u00e0-dire vous! \u00c9chographie Canada accepte les propositions de sessions de formation de la part des \u00e9chographistes, m\u00e9decins, chercheurs et autres experts de la profession. Nous sommes \u00e0 la recherche de conseils, de pratiques exemplaires, de recherches et de perspectives sur le r\u00f4le essentiel que vous jouez dans le [&hellip;]","og_url":"https:\/\/sonographycanada.ca\/present-a-topic\/sonography-canada-call-for-proposals-year-round-submissions","og_site_name":"\u00c9chographie Canada","article_modified_time":"2024-12-06T17:32:33+00:00","og_image":[{"width":390,"height":172,"url":"https:\/\/sonographycanada.ca\/app\/uploads\/2022\/02\/Call-for-proposals-FRE.png","type":"image\/png"}],"twitter_card":"summary_large_image","twitter_misc":{"Est. reading time":"5 minutes"},"schema":{"@context":"https:\/\/schema.org","@graph":[{"@type":"WebPage","@id":"https:\/\/sonographycanada.ca\/present-a-topic\/sonography-canada-call-for-proposals-year-round-submissions","url":"https:\/\/sonographycanada.ca\/present-a-topic\/sonography-canada-call-for-proposals-year-round-submissions","name":"Appels aux propositions : Proposez des activit\u00e9s de DPC tout au long de l'ann\u00e9e - \u00c9chographie Canada","isPartOf":{"@id":"https:\/\/sonographycanada.ca\/#website"},"primaryImageOfPage":{"@id":"https:\/\/sonographycanada.ca\/present-a-topic\/sonography-canada-call-for-proposals-year-round-submissions#primaryimage"},"image":{"@id":"https:\/\/sonographycanada.ca\/present-a-topic\/sonography-canada-call-for-proposals-year-round-submissions#primaryimage"},"thumbnailUrl":"https:\/\/sonographycanada.ca\/app\/uploads\/2022\/02\/Call-for-proposals-FRE.png","datePublished":"2022-02-17T10:50:16+00:00","dateModified":"2024-12-06T17:32:33+00:00","breadcrumb":{"@id":"https:\/\/sonographycanada.ca\/present-a-topic\/sonography-canada-call-for-proposals-year-round-submissions#breadcrumb"},"inLanguage":"fr-FR","potentialAction":[{"@type":"ReadAction","target":["https:\/\/sonographycanada.ca\/present-a-topic\/sonography-canada-call-for-proposals-year-round-submissions"]}]},{"@type":"ImageObject","inLanguage":"fr-FR","@id":"https:\/\/sonographycanada.ca\/present-a-topic\/sonography-canada-call-for-proposals-year-round-submissions#primaryimage","url":"https:\/\/sonographycanada.ca\/app\/uploads\/2022\/02\/Call-for-proposals-FRE.png","contentUrl":"https:\/\/sonographycanada.ca\/app\/uploads\/2022\/02\/Call-for-proposals-FRE.png","width":390,"height":172},{"@type":"BreadcrumbList","@id":"https:\/\/sonographycanada.ca\/present-a-topic\/sonography-canada-call-for-proposals-year-round-submissions#breadcrumb","itemListElement":[{"@type":"ListItem","position":1,"name":"Accueil","item":"https:\/\/sonographycanada.ca\/fr"},{"@type":"ListItem","position":2,"name":"Appels aux propositions : Proposez des activit\u00e9s de DPC tout au long de l&#8217;ann\u00e9e"}]},{"@type":"WebSite","@id":"https:\/\/sonographycanada.ca\/#website","url":"https:\/\/sonographycanada.ca\/","name":"\u00c9chographie Canada","description":"La voix des \u00e9chographistes m\u00e9dicaux diagnostiques au Canada","potentialAction":[{"@type":"SearchAction","target":{"@type":"EntryPoint","urlTemplate":"https:\/\/sonographycanada.ca\/?s={search_term_string}"},"query-input":{"@type":"PropertyValueSpecification","valueRequired":true,"valueName":"search_term_string"}}],"inLanguage":"fr-FR"}]}},"coauthors":[],"author_meta":{"author_link":"https:\/\/sonographycanada.ca\/fr\/author\/d3ec179a-ede2-4f9f-a4d2-8551ac33d43f","display_name":"Natalie Wright"},"relative_dates":{"created":"Publi\u00e9 4 years il y a","modified":"Mis \u00e0 jour 1 year il y a"},"absolute_dates":{"created":"Publi\u00e9 le f\u00e9vrier 17, 2022","modified":"Mise \u00e0 jour le d\u00e9cembre 6, 2024"},"absolute_dates_time":{"created":"Publi\u00e9 le f\u00e9vrier 17, 2022 10:50 am","modified":"Mise \u00e0 jour le d\u00e9cembre 6, 2024 12:32 pm"},"featured_img_caption":"","featured_img":"https:\/\/sonographycanada.ca\/app\/uploads\/2022\/02\/Call-for-proposals-FRE.png","series_order":"","_links":{"self":[{"href":"https:\/\/sonographycanada.ca\/fr\/wp-json\/wp\/v2\/pages\/147502"}],"collection":[{"href":"https:\/\/sonographycanada.ca\/fr\/wp-json\/wp\/v2\/pages"}],"about":[{"href":"https:\/\/sonographycanada.ca\/fr\/wp-json\/wp\/v2\/types\/page"}],"author":[{"embeddable":true,"href":"https:\/\/sonographycanada.ca\/fr\/wp-json\/wp\/v2\/users\/1307"}],"replies":[{"embeddable":true,"href":"https:\/\/sonographycanada.ca\/fr\/wp-json\/wp\/v2\/comments?post=147502"}],"version-history":[{"count":18,"href":"https:\/\/sonographycanada.ca\/fr\/wp-json\/wp\/v2\/pages\/147502\/revisions"}],"predecessor-version":[{"id":147548,"href":"https:\/\/sonographycanada.ca\/fr\/wp-json\/wp\/v2\/pages\/147502\/revisions\/147548"}],"wp:featuredmedia":[{"embeddable":true,"href":"https:\/\/sonographycanada.ca\/fr\/wp-json\/wp\/v2\/media\/147499"}],"wp:attachment":[{"href":"https:\/\/sonographycanada.ca\/fr\/wp-json\/wp\/v2\/media?parent=147502"}],"curies":[{"name":"wp","href":"https:\/\/api.w.org\/{rel}","templated":true}]}}